{"id":1831,"date":"2022-07-06T21:05:47","date_gmt":"2022-07-06T19:05:47","guid":{"rendered":"https:\/\/xn--vrstetter-miteinander-hec.de\/?page_id=1831"},"modified":"2025-07-24T14:42:20","modified_gmt":"2025-07-24T12:42:20","slug":"taetigkeitsberichte","status":"publish","type":"page","link":"https:\/\/xn--vrstetter-miteinander-hec.de\/?page_id=1831","title":{"rendered":"T\u00e4tigkeitsberichte"},"content":{"rendered":"<p><strong>Mitgliederversammlung V\u00f6rstetter Miteinander e.V. am 25. Juni 2025<\/strong><\/p>\n<p><strong>Bericht \u2013 AG B\u00fcrger helfen B\u00fcrgern \u2013 2024\/25<\/strong><br \/>\nDie Arbeitsgruppe \u201eB\u00fcrger helfen B\u00fcrgern\u201c koordiniert den Helferkreis f\u00fcr die ehrenamtliche Nachbarschaftshilfe\u201c in V\u00f6rstetten.<br \/>\nVergangenes Jahr wurde nach 10 Jahren eine Revision der Helferliste durchgef\u00fchrt, bei der sich die urspr\u00fcngliche Anzahl von rund 40 Helfern auf rund 20 reduziert hat. Einige der Helfer waren weggezogen oder aber die pers\u00f6nlichen Verh\u00e4ltnisse hatten sich inzwischen ge\u00e4ndert.<br \/>\nBeachtlich ist, dass trotzdem noch ein gro\u00dfes Angebot an Hilfen zur Verf\u00fcgung steht:<br \/>\n\u2022<br \/>\nEinkaufshilfen, Fahrdienste<br \/>\n\u2022<br \/>\nHilfe bei Beh\u00f6rden und bei Formularen<br \/>\n\u2022<br \/>\n\u00dcbersetzungshilfen (Spanisch, Franz\u00f6sisch, Portugiesisch)<br \/>\n\u2022<br \/>\nKinder h\u00fcten in Notf\u00e4llen<br \/>\n\u2022<br \/>\nKrankenbesuche und -beratung<br \/>\n\u2022<br \/>\nHilfe im Haushalt bei Krankheit<br \/>\n\u2022<br \/>\nVersorgung von Blumen und Garten bei k\u00fcrzerer Abwesenheit<br \/>\n\u2022<br \/>\nKleinere Gartenhilfen und Baumschnittarbeiten<br \/>\n\u2022<br \/>\nH\u00fcten von Haustieren bei k\u00fcrzerer Abwesenheit<br \/>\n\u2022<br \/>\nEhrenamtliche Reparatur von Haushaltsger\u00e4ten, zu zahlen sind nur Sachkosten (Ersatzteile)<br \/>\n\u2022<br \/>\nUnterst\u00fctzung bei M\u00f6belaufbau<br \/>\n\u2022<br \/>\nPannenhilfe f\u00fcr Fahrr\u00e4der (Ersatzteile k\u00f6nnen besorgt werden)<br \/>\n\u2022<br \/>\nHilfe beim Tragen schwerer Gegenst\u00e4nde<br \/>\n\u2022<br \/>\nHilfe bei Schwierigkeiten am PC<br \/>\nAngefragt und geleistet konnten nun u.a. im vergangenen Jahr folgende Hilfen:<br \/>\n\u2022<br \/>\nmehrmals die Woche Hausaufgabenbetreuung f\u00fcr unterschiedliche Kinder<br \/>\n\u2022<br \/>\nmehrmals die Woche Deutschunterricht mit Erwachsenen<br \/>\n\u2022<br \/>\nFahrdienst zur Physio, Arzt oder zu Krankenh\u00e4usern<br \/>\n\u2022<br \/>\nFahrdienst\/Einkaufsbegleitung zum Einkauf, z.B. Fernseher f\u00fcr \u00e4ltere Dame<br \/>\n\u2022<br \/>\nFahrdienst f\u00fcr Kind zum Ballett, da Mutter in ambulanter Reha<br \/>\n\u2022<br \/>\nSpielpartner f\u00fcr Schach 1-mal die Woche mit \u00e4lterem Herrn<br \/>\n\u2022<br \/>\nVermittlung eines Autoanh\u00e4ngers f\u00fcr den Gr\u00fcnschnitt<br \/>\nF\u00fcr die Bereitschaft, im Notfall Hilfe zu leisten, auch dieses Jahr wieder ein gro\u00dfes Dankesch\u00f6n an alle Hilfsbereiten!<br \/>\nFalls Sie unser Team \u201eB\u00fcrger-helfen-B\u00fcrgern\u201c unterst\u00fctzen wollen, sind Sie jederzeit herzlich eingeladen!<br \/>\nAuch \u00fcber Anregungen jedweder Art sind wir dankbar.<br \/>\nGabriele Henle, Sprecherin der AG BhB<br \/>\nV\u00f6rstetten, 25.06.2025<\/p>\n<hr \/>\n<p><strong>Mitgliederversammlung V\u00f6rstetter Miteinander e.V. am 26. Juni 2024<\/strong><\/p>\n<ul>\n<li>Bericht \u2013 <strong>AG B\u00fcrger helfen B\u00fcrgern \u2013<\/strong> 2023\/24<br \/>\nDie Arbeitsgruppe \u201eB\u00fcrger helfen B\u00fcrgern\u201c koordiniert den Helferkreis f\u00fcr die \u201eehrenamtliche Nachbarschaftshilfe\u201c in V\u00f6rstetten.<br \/>\nDerzeit l\u00e4uft eine Anpassung und Pr\u00fcfung des Helferkreises bzgl. der weiteren Verf\u00fcgbarkeit. Einige Helfer sind ausgeschieden, sei es durch Wegzug aus V\u00f6rstetten, altersbedingt oder auch aus famili\u00e4ren Gr\u00fcnden.<br \/>\nViele der Helferinnen und Helfer stehen aber weiter zur Verf\u00fcgung, was uns sehr freut.<br \/>\nMomentan k\u00f6nnen somit folgende Hilfen angeboten werden:<br \/>\nEinkaufshilfen, Fahrdienste<br \/>\nHilfe bei Beho\u0308rden und bei Formularen<br \/>\nU\u0308bersetzungshilfen (Spanisch, Franz\u00f6sisch, Portugiesisch)<br \/>\nKinder hu\u0308ten in Notfa\u0308llen<br \/>\nKrankenbesuche und -beratung<br \/>\nHilfe im Haushalt bei Krankheit<br \/>\nVersorgung von Blumen und Garten bei ku\u0308rzerer Abwesenheit<br \/>\nHu\u0308ten von Haustieren bei ku\u0308rzerer Abwesenheit<br \/>\nKleinere Gartenhilfen und Baumschnittarbeiten<br \/>\nEhrenamtliche Reparatur von Haushaltsgera\u0308ten. Zu zahlen sind nur Sachkosten (Ersatzteile)<br \/>\nPannenhilfe fu\u0308r Fahrra\u0308der (Ersatzteile ko\u0308nnen besorgt werden)<br \/>\nUnterstu\u0308tzung bei Mo\u0308belaufbau<br \/>\nHilfe beim Tragen schwerer Gegensta\u0308nde<br \/>\nHilfe bei Schwierigkeiten am PC<br \/>\nDie Inanspruchnahme von Hilfen durch unseren Helferkreis beschr\u00e4nkt sich derzeit im Wesentlichen auf die Vermittlung und Durchf\u00fchrung von Fahrdiensten.<br \/>\nDie Fahrdienste werden sowohl f\u00fcr kurze Strecken innerhalb von V\u00f6rstetten zu \u00c4rzten, zur Krankengymnastik oder zum Einkauf genutzt oder auch mal zu Arztterminen nach Freiburg oder Emmendingen.<br \/>\nGerade f\u00fcr die Kurzstrecken ist es f\u00fcr bewegungseingeschr\u00e4nkte Menschen sehr wertvoll, wenn wir da Unterst\u00fctzung anbieten k\u00f6nnen. Ein Einkauf bei den \u00f6rtlichen Gesch\u00e4ften kann f\u00fcr solche Menschen sehr m\u00fchsam oder evtl. gar nicht mehr m\u00f6glich sein. Was fr\u00fcher kurz zu Fu\u00df, mit dem Fahrrad oder eigenem Auto erledigt werden konnte, wird zur gro\u00dfen Last.<br \/>\nNicht jeder hat das Gl\u00fcck, dass Familie oder Bekannte zur Verf\u00fcgung stehen.<br \/>\nF\u00fcr die Bereitschaft, im Notfall Hilfe zu leisten, auch dieses Jahr wieder ein gro\u00dfes Dankesch\u00f6n an alle Hilfsbereiten!<br \/>\nFalls Sie unser Team \u201eB\u00fcrger-helfen-B\u00fcrgern\u201c unterst\u00fctzen wollen, sind Sie jederzeit herzlich eingeladen!<br \/>\nAuch \u00fcber Anregungen jedweder Art sind wir dankbar.<br \/>\nGabriele Henle,<br \/>\nSprecherin der AG BhB<br \/>\nV\u00f6rstetten, 26.06.2024<\/li>\n<\/ul>\n<hr \/>\n<p><strong>Mitgliederversammlung V\u00f6rstetter Miteinander e.V. am 28.Juni 2023<\/strong><\/p>\n<p><span class=\"Apple-converted-space\">\u00a0<\/span><b>Der Helferkreis <\/b>liegt weiterhin bei <b>rund 50 Helferinnen und Helfer, <\/b>welche vielf\u00e4ltige ehrenamtliche Hilfen anbieten. Wie auch auf unserer Homepage beschrieben, fallen darunter Hilfen wie z.B. Fahrdienste zum Arzt, kleinere Reparaturen, Einkaufshilfe, Unterst\u00fctzung bei Computerproblemen etc.<span class=\"Apple-converted-space\">\u00a0<\/span><\/p>\n<p>Im vergangenen Jahr wurden haupts\u00e4chlich <b>Fahrdienste <\/b>zu Arztpraxen und Kliniken angefragt. Es kam aber auch vor, dass mal lediglich etwas abgeholt werden musste (z.B. ein Zahnersatz). In der Regel werden wir dabei immer aus einer Notlage heraus angesprochen, d.h., wenn der sonstige Fahrer verhindert ist.<span class=\"Apple-converted-space\">\u00a0<\/span><\/p>\n<p>Angefragt werden aber auch Hilfen wie das Umstellen von schweren M\u00f6beln oder einer Waschmaschine.<span class=\"Apple-converted-space\">\u00a0<\/span><\/p>\n<p>Dass die Einrichtung dieses ehrenamtlichen Engagements nicht umsonst ist, zeigt sich immer wieder in der gro\u00dfen Dankbarkeit, die uns daf\u00fcr entgegengebracht wird.<span class=\"Apple-converted-space\">\u00a0<\/span><\/p>\n<p>So bitten wir die Hilfeanbieter auch weiterhin zur Verf\u00fcgung zu stehen, wenn auch derzeit nicht so viele Anfragen kommen.<span class=\"Apple-converted-space\">\u00a0<\/span><\/p>\n<p>F\u00fcr die Bereitschaft, im Notfall Hilfe zu leisten, auch dieses Jahr wieder ein <b>gro\u00dfes Dankesch\u00f6n an alle Hilfsbereiten!<span class=\"Apple-converted-space\">\u00a0<\/span><\/b><\/p>\n<p>Ein gro\u00dfes Dankesch\u00f6n geht auch an all diejenigen B\u00fcrger, die in vielf\u00e4ltiger Weise Fl\u00fcchtlinge (wie z.B. aus Syrien, Afghanistan und der Ukraine) in V\u00f6rstetten mit einem immensen Engagement teilweise <b>dauerhaft <\/b>unterst\u00fctzen.<span class=\"Apple-converted-space\">\u00a0<\/span><\/p>\n<p>Dabei ist zu erw\u00e4hnen, dass der <b>urspr\u00fcngliche Fl\u00fcchtlingshelferkreis <\/b>inzwischen in die Gruppe <b>B\u00fcrger helfen B\u00fcrgern <\/b>\u00fcbergegangen ist.<span class=\"Apple-converted-space\">\u00a0<\/span><\/p>\n<p>Die ukrainischen Familien wurden freundlich aufgenommen und der <b>Deutschkurs <\/b>im Begegnungsraum des Roteux wurde von Mitgliedern des V\u00f6rstetter Miteinanders unterst\u00fctzt (incl. Kaffee, Kuchen und Getr\u00e4nken). Auch wurden die Deutsch-Lernenden auf die anschlie\u00dfende <b>B1-Pr\u00fcfung <\/b>intensiv in Kleingruppen von mehreren Mitgliedern des Vereins vorbereitet. Erfreulich viele haben die Pr\u00fcfung bestanden. Abgerundet wurde es mit einem gut besuchten gemeinsamen <b>Fest<\/b>, bei dem auch ukrainische Musiker mitgewirkt haben.<span class=\"Apple-converted-space\">\u00a0<\/span><\/p>\n<p>Weitere Unterst\u00fctzungen erhalten die Fl\u00fcchtlinge u.a. auch bei Bewerbungsschreiben sowie bei \u00dcberlegungen f\u00fcr weitere Ausbildungen. Ebenso erhalten einige <b>Grundsch\u00fcle<\/b>r Unterst\u00fctzung beim Lernen.<span class=\"Apple-converted-space\">\u00a0<\/span><\/p>\n<p>Zu den vielf\u00e4ltigen Hilfsangeboten die auch die <b>Kirchen und andere Vereine <\/b>anbieten, l\u00e4sst auch der <b>Verein des V\u00f6rstetter Miteinanders <\/b>erkennen:<span class=\"Apple-converted-space\">\u00a0<\/span><\/p>\n<p><b>&gt;&gt; die Hilfsbereitschaft ist gro\u00df in V\u00f6rstetten, vielen Dank! &lt;&lt;<span class=\"Apple-converted-space\">\u00a0<\/span><\/b><\/p>\n<p>Gabriele Henle,<span class=\"Apple-converted-space\">\u00a0<\/span><\/p>\n<p>Sprecherin der AG B\u00fcrger helfen B\u00fcrgern<span class=\"Apple-converted-space\">\u00a0<\/span><\/p>\n<p>V\u00f6rstetter Miteinander e.V.<span class=\"Apple-converted-space\">\u00a0<\/span><\/p>\n<p>V\u00f6rstetten,28.06.2023<span class=\"Apple-converted-space\">\u00a0<\/span><\/p>\n<hr \/>\n<p><strong>Mitgliederversammlung V\u00f6rstetter Miteinander e.V. am 29. Juni 2022\u00a0<\/strong><strong>Bericht-AG B\u00fcrger helfen B\u00fcrgern &#8211; <u>\u00a0<\/u>2020<u>\/<\/u>21<\/strong><\/p>\n<p style=\"font-weight: 400;\">Die <strong>Arbeitsgruppe \u201e<\/strong><strong>B\u00fcrger helfen B\u00fcrgern\u201c<\/strong> koordiniert den Helferkreis f\u00fcr die \u201e<strong>ehrenamtliche Nachbarschaftshilfe<\/strong>\u201c in V\u00f6rstetten.<\/p>\n<p style=\"font-weight: 400;\"><strong>Beim Helferkreis<\/strong> von <strong>rund 50 Helferinnen und Helfer,<\/strong><strong><br \/>\n<\/strong>welche vielf\u00e4ltige ehrenamtliche Hilfen anbieten, haben wir auch zu Corona-Zeiten noch Zuwachs von einem jungen Mann bekommen. Er hat sich bereit erkl\u00e4rt, u.a. bei kleineren Reparaturen, Einkaufshilfe, Computerproblemen etc. zu unterst\u00fctzen.<\/p>\n<p style=\"font-weight: 400;\">In den vergangenen beiden Jahren (2020\/2021) hat sich die Inanspruchnahme von Hilfen durch unseren Helferkreis nahezu vollst\u00e4ndig auf <strong>Vermittlung<\/strong> von Impfterminen und <strong>Fahrdienste<\/strong> beschr\u00e4nkt.<\/p>\n<p style=\"font-weight: 400;\">So wurden f\u00fcr 25 Personen (vorwiegend Seniorinnen und Senioren aus V\u00f6rstetten)\u00a0Impftermine gebucht, also 50 Termine, und es wurde mehrmals zu den Impfzentren in FR oder Kenzingen gefahren.<\/p>\n<p style=\"font-weight: 400;\">Die \u00c4rztin Dr. Michaela M\u00fcller hat die Aktion des V\u00f6Mi e.V. unterst\u00fctzt und in ihrer Emmendinger Orthop\u00e4die-Praxis<\/p>\n<p style=\"font-weight: 400;\">8 Personen (je 2x)\u00a0geimpft. Das war noch zu Zeiten, als es schwierig war, Impftermine zu bekommen &#8230;.<\/p>\n<p style=\"font-weight: 400;\">Weitere Fahrdienste zu Arztterminen f\u00fchrten auch schon mal ins Elztal.<\/p>\n<p style=\"font-weight: 400;\">Die Dankbarkeit der Menschen, denen geholfen werden konnte, ist teilweise \u00fcberw\u00e4ltigend.<\/p>\n<p style=\"font-weight: 400;\">So werden wir immer wieder darin best\u00e4tigt, dass die Einrichtung dieses ehrenamtlichen Engagements nicht umsonst ist.<\/p>\n<p style=\"font-weight: 400;\">Wir bitten die Hilfeanbieter auch weiterhin zur Verf\u00fcgung zu stehen, wenn auch in letzter Zeit nicht allzu viel Anfragen gekommen sind. Dies h\u00e4ngt\/hing sicher auch mit der Corona-Situation zusammen, dass die Menschen vorsichtiger mit fremden Kontakten sind.<\/p>\n<p style=\"font-weight: 400;\">F\u00fcr die Bereitschaft, im Notfall Hilfe zu leisten, auch dieses Jahr wieder ein <strong>gro\u00dfes Dankesch\u00f6n an alle Hilfsbereiten!<\/strong><\/p>\n<p style=\"font-weight: 400;\">Falls Sie unser Team \u201eB\u00fcrger-helfen-B\u00fcrgern\u201c unterst\u00fctzen wollen, sind Sie jederzeit herzlich eingeladen!<\/p>\n<p style=\"font-weight: 400;\">Auch \u00fcber Anregungen jedweder Art sind wir dankbar.<\/p>\n<p style=\"font-weight: 400;\">V\u00f6rstetten, 28.06.2022, Gabriele Henle, Vorstandsmitglied<\/p>\n","protected":false},"excerpt":{"rendered":"<p>Mitgliederversammlung V\u00f6rstetter Miteinander e.V. am 25. Juni 2025 Bericht \u2013 AG B\u00fcrger helfen B\u00fcrgern \u2013 2024\/25 Die Arbeitsgruppe \u201eB\u00fcrger helfen B\u00fcrgern\u201c koordiniert den Helferkreis f\u00fcr die ehrenamtliche Nachbarschaftshilfe\u201c in V\u00f6rstetten. Vergangenes Jahr wurde nach 10 Jahren eine Revision der Helferliste &hellip; <a href=\"https:\/\/xn--vrstetter-miteinander-hec.de\/?page_id=1831\">Weiterlesen <span class=\"meta-nav\">&rarr;<\/span><\/a><\/p>\n","protected":false},"author":4,"featured_media":0,"parent":112,"menu_order":0,"comment_status":"closed","ping_status":"closed","template":"onecolumn-page.php","meta":{"footnotes":""},"class_list":["post-1831","page","type-page","status-publish","hentry"],"_links":{"self":[{"href":"https:\/\/xn--vrstetter-miteinander-hec.de\/index.php?rest_route=\/wp\/v2\/pages\/1831","targetHints":{"allow":["GET"]}}],"collection":[{"href":"https:\/\/xn--vrstetter-miteinander-hec.de\/index.php?rest_route=\/wp\/v2\/pages"}],"about":[{"href":"https:\/\/xn--vrstetter-miteinander-hec.de\/index.php?rest_route=\/wp\/v2\/types\/page"}],"author":[{"embeddable":true,"href":"https:\/\/xn--vrstetter-miteinander-hec.de\/index.php?rest_route=\/wp\/v2\/users\/4"}],"replies":[{"embeddable":true,"href":"https:\/\/xn--vrstetter-miteinander-hec.de\/index.php?rest_route=%2Fwp%2Fv2%2Fcomments&post=1831"}],"version-history":[{"count":14,"href":"https:\/\/xn--vrstetter-miteinander-hec.de\/index.php?rest_route=\/wp\/v2\/pages\/1831\/revisions"}],"predecessor-version":[{"id":3248,"href":"https:\/\/xn--vrstetter-miteinander-hec.de\/index.php?rest_route=\/wp\/v2\/pages\/1831\/revisions\/3248"}],"up":[{"embeddable":true,"href":"https:\/\/xn--vrstetter-miteinander-hec.de\/index.php?rest_route=\/wp\/v2\/pages\/112"}],"wp:attachment":[{"href":"https:\/\/xn--vrstetter-miteinander-hec.de\/index.php?rest_route=%2Fwp%2Fv2%2Fmedia&parent=1831"}],"curies":[{"name":"wp","href":"https:\/\/api.w.org\/{rel}","templated":true}]}}