{"id":2054,"date":"2022-08-23T21:33:57","date_gmt":"2022-08-23T19:33:57","guid":{"rendered":"https:\/\/xn--vrstetter-miteinander-hec.de\/?page_id=2054"},"modified":"2023-05-01T10:04:56","modified_gmt":"2023-05-01T08:04:56","slug":"mittwochskino","status":"publish","type":"page","link":"https:\/\/xn--vrstetter-miteinander-hec.de\/?page_id=2054","title":{"rendered":"Mittwochskino"},"content":{"rendered":"<div>Zahlreiche G\u00e4ste sch\u00e4tzen die Reihe &#8222;Mittwochskino&#8220;, in der in unregelm\u00e4\u00dfigen Abst\u00e4nden mal Filmklassiker, Dokumentationen oder neue Kinofilme gezeigt werden. Hier findet sich mittlerweile ein breites Stammpublikum ein, das die lockere Atmosph\u00e4re, gute Filme und Gespr\u00e4che bei Getr\u00e4nken und Knabberspa\u00df genie\u00dft.<\/div>\n<div><\/div>\n<div>Einlass ist um 19:00 Uhr, der Eintritt ist frei.<\/div>\n<div><\/div>\n<div><\/div>\n<div>\n<div id=\"attachment_1970\" style=\"width: 650px\" class=\"wp-caption alignnone\"><a href=\"https:\/\/xn--vrstetter-miteinander-hec.de\/wp-content\/uploads\/2022\/07\/VOeMMittwochskino.png\"><img loading=\"lazy\" decoding=\"async\" aria-describedby=\"caption-attachment-1970\" class=\"wp-image-1970 size-large\" src=\"https:\/\/xn--vrstetter-miteinander-hec.de\/wp-content\/uploads\/2022\/07\/VOeMMittwochskino-1024x811.png\" alt=\"\" width=\"640\" height=\"507\" srcset=\"https:\/\/xn--vrstetter-miteinander-hec.de\/wp-content\/uploads\/2022\/07\/VOeMMittwochskino-1024x811.png 1024w, https:\/\/xn--vrstetter-miteinander-hec.de\/wp-content\/uploads\/2022\/07\/VOeMMittwochskino-300x238.png 300w, https:\/\/xn--vrstetter-miteinander-hec.de\/wp-content\/uploads\/2022\/07\/VOeMMittwochskino-768x608.png 768w, https:\/\/xn--vrstetter-miteinander-hec.de\/wp-content\/uploads\/2022\/07\/VOeMMittwochskino.png 1389w\" sizes=\"auto, (max-width: 640px) 100vw, 640px\" \/><\/a><p id=\"caption-attachment-1970\" class=\"wp-caption-text\">Max Ro\u00dfkopf gestaltete zahlreiche originelle Kinoplakate f\u00fcr uns.<\/p><\/div>\n<p>Neu in dieser Reihe ist das\u00a0 &#8222;Mittwochskino mit der Deutsch &#8211; franz\u00f6sischen Partnerschaft V\u00f6rstetten&#8220;. Die Teilnehmer sehen die Filme in franz\u00f6sischer Sprache<\/p>\n<p><a href=\"https:\/\/xn--vrstetter-miteinander-hec.de\/wp-content\/uploads\/2023\/05\/1682669684730-scaled.jpg\"><img loading=\"lazy\" decoding=\"async\" class=\"alignnone wp-image-2364 \" src=\"https:\/\/xn--vrstetter-miteinander-hec.de\/wp-content\/uploads\/2023\/05\/1682669684730-scaled.jpg\" alt=\"\" width=\"669\" height=\"892\" srcset=\"https:\/\/xn--vrstetter-miteinander-hec.de\/wp-content\/uploads\/2023\/05\/1682669684730-scaled.jpg 1920w, https:\/\/xn--vrstetter-miteinander-hec.de\/wp-content\/uploads\/2023\/05\/1682669684730-225x300.jpg 225w, https:\/\/xn--vrstetter-miteinander-hec.de\/wp-content\/uploads\/2023\/05\/1682669684730-768x1024.jpg 768w, https:\/\/xn--vrstetter-miteinander-hec.de\/wp-content\/uploads\/2023\/05\/1682669684730-1152x1536.jpg 1152w, https:\/\/xn--vrstetter-miteinander-hec.de\/wp-content\/uploads\/2023\/05\/1682669684730-1536x2048.jpg 1536w\" sizes=\"auto, (max-width: 669px) 100vw, 669px\" \/><\/a><\/p>\n<\/div>\n","protected":false},"excerpt":{"rendered":"<p>Zahlreiche G\u00e4ste sch\u00e4tzen die Reihe &#8222;Mittwochskino&#8220;, in der in unregelm\u00e4\u00dfigen Abst\u00e4nden mal Filmklassiker, Dokumentationen oder neue Kinofilme gezeigt werden. Hier findet sich mittlerweile ein breites Stammpublikum ein, das die lockere Atmosph\u00e4re, gute Filme und Gespr\u00e4che bei Getr\u00e4nken und Knabberspa\u00df genie\u00dft. &hellip; <a href=\"https:\/\/xn--vrstetter-miteinander-hec.de\/?page_id=2054\">Weiterlesen <span class=\"meta-nav\">&rarr;<\/span><\/a><\/p>\n","protected":false},"author":4,"featured_media":0,"parent":1931,"menu_order":0,"comment_status":"closed","ping_status":"closed","template":"onecolumn-page.php","meta":{"footnotes":""},"class_list":["post-2054","page","type-page","status-publish","hentry"],"_links":{"self":[{"href":"https:\/\/xn--vrstetter-miteinander-hec.de\/index.php?rest_route=\/wp\/v2\/pages\/2054","targetHints":{"allow":["GET"]}}],"collection":[{"href":"https:\/\/xn--vrstetter-miteinander-hec.de\/index.php?rest_route=\/wp\/v2\/pages"}],"about":[{"href":"https:\/\/xn--vrstetter-miteinander-hec.de\/index.php?rest_route=\/wp\/v2\/types\/page"}],"author":[{"embeddable":true,"href":"https:\/\/xn--vrstetter-miteinander-hec.de\/index.php?rest_route=\/wp\/v2\/users\/4"}],"replies":[{"embeddable":true,"href":"https:\/\/xn--vrstetter-miteinander-hec.de\/index.php?rest_route=%2Fwp%2Fv2%2Fcomments&post=2054"}],"version-history":[{"count":7,"href":"https:\/\/xn--vrstetter-miteinander-hec.de\/index.php?rest_route=\/wp\/v2\/pages\/2054\/revisions"}],"predecessor-version":[{"id":2365,"href":"https:\/\/xn--vrstetter-miteinander-hec.de\/index.php?rest_route=\/wp\/v2\/pages\/2054\/revisions\/2365"}],"up":[{"embeddable":true,"href":"https:\/\/xn--vrstetter-miteinander-hec.de\/index.php?rest_route=\/wp\/v2\/pages\/1931"}],"wp:attachment":[{"href":"https:\/\/xn--vrstetter-miteinander-hec.de\/index.php?rest_route=%2Fwp%2Fv2%2Fmedia&parent=2054"}],"curies":[{"name":"wp","href":"https:\/\/api.w.org\/{rel}","templated":true}]}}