{"id":238,"date":"2015-09-24T21:19:19","date_gmt":"2015-09-24T19:19:19","guid":{"rendered":"http:\/\/xn--vrstetter-miteinander-hec.de\/?page_id=238"},"modified":"2025-09-21T08:52:17","modified_gmt":"2025-09-21T06:52:17","slug":"kontakt","status":"publish","type":"page","link":"https:\/\/xn--vrstetter-miteinander-hec.de\/?page_id=238","title":{"rendered":"Kontakt"},"content":{"rendered":"<h2><strong>V\u00f6rstetter Miteinander e.V.<\/strong><\/h2>\n<p style=\"font-weight: 400;\"><strong>Ort der Veranstaltungen<\/strong> des V\u00f6rstetter Miteinander e.V.<\/p>\n<p>Begegnungsst\u00e4tte der Gemeinde V\u00f6rstetten &#8222;Pflege im Roteux-Quartier&#8220;,<\/p>\n<p>Am Roteux-Platz 2a, \u00a0statt.<\/p>\n<hr \/>\n<p><span style=\"text-decoration: underline;\">Vorsitzender<\/span><\/p>\n<p>Holger Lebender<\/p>\n<p>B\u00fchlackerstr. 19B<\/p>\n<p>79279 V\u00f6rstetten<\/p>\n<p>Tel. 07666- 42 31<\/p>\n<p>E-mail: <a href=\"mailto:kontakt@v\u00f6rstetter-miteinander.de\">kontakt@v\u00f6rstetter-miteinander.de<\/a><\/p>\n<hr \/>\n<p><span style=\"text-decoration: underline;\">stellvertretende Vorsitzende<\/span><\/p>\n<p>Irmhild Waibel<\/p>\n<p>Tel. 07666- 66 52<br \/>\nE-Mail:\u00a0<a href=\"mailto:Voerstettermiteinander@outlook.de\"> Voerstettermiteinander@outlook.de<\/a><\/p>\n<hr \/>\n<h2 style=\"text-align: justify;\"><strong>Impressum<\/strong><\/h2>\n<h4>79279 V\u00f6rstetten<\/h4>\n<h4>B\u00fchlackerstr. 19B<\/h4>\n<h4>Tel. 07666\/4231<\/h4>\n<h4>E-Mail: <a href=\"mailto:kontakt@v\u00f6rstetter-miteinander.de\">kontakt@v\u00f6rstetter-miteinander.de<\/a><\/h4>\n<h3><strong>Vertretungsberechtigte:<\/strong><\/h3>\n<h4><span style=\"text-decoration: underline;\">Vorsitzender<\/span>:<\/h4>\n<h4>Holger Lebender, V\u00f6rstetten<\/h4>\n<h4><span style=\"text-decoration: underline;\">Stellvertretende Vorsitzende<\/span>:<\/h4>\n<h4>Irmhild Waibel, V\u00f6rstetten<\/h4>\n<h3><strong>Webmaster:<\/strong><\/h3>\n<h4>Denis Deiser<\/h4>\n<h4>79279 V\u00f6rstetten<\/h4>\n<h4>E-mail: webmaster@denis-deiser.de<\/h4>\n<p><span style=\"font-size: 10pt;\">Homepage: Irmhild Waibel<br \/>\n<a href=\"mailto:Voerstettermiteinander@outlook.de\">Voerstettermiteinander@outlook.de<\/a><br \/>\n<\/span><\/p>\n<h3><strong>Vereinsdaten<\/strong><\/h3>\n<h4>Name des Vereins:\u00a0\u00a0\u00a0\u00a0\u00a0\u00a0\u00a0\u00a0\u00a0\u00a0\u00a0 V\u00f6rstetter\u00a0 Miteinander\u00a0 e.V.<\/h4>\n<h4>Vereinsregister:\u00a0\u00a0\u00a0\u00a0\u00a0\u00a0\u00a0\u00a0\u00a0\u00a0\u00a0\u00a0\u00a0\u00a0\u00a0 \u00a0Amtsgericht Freiburg,\u00a0eingetragen am\u00a0\u00a009.01.2015\u00a0unter\u00a0VR 700995<\/h4>\n<p><strong>Finanzamt\u00a0\u00a0\u00a0\u00a0\u00a0\u00a0\u00a0\u00a0\u00a0\u00a0\u00a0\u00a0\u00a0\u00a0\u00a0\u00a0\u00a0\u00a0\u00a0\u00a0\u00a0\u00a0\u00a0\u00a0\u00a0\u00a0\u00a0 <\/strong><\/p>\n<h4>Emmendingen, Steuer-Nr.:\u00a0\u00a0\u00a0 05015\/09258<\/h4>\n<h3><strong>Gemeinn\u00fctzigkeit:\u00a0\u00a0\u00a0\u00a0\u00a0\u00a0\u00a0<\/strong><\/h3>\n<h4 style=\"text-align: left;\">Der Verein verfolgt ausschlie\u00dflich und unmittelbar\u00a0gemeinn\u00fctzige Zwecke im Sinne des Abschnitts &#8222;Steuerbeg\u00fcnstigte Zwecke&#8220; der Abgabenordnung und erf\u00fcllt die satzungsgem\u00e4\u00dfen Voraussetzungen nach den \u00a7\u00a7 51, 59, 60 und 61 AO.<\/h4>\n<h3 style=\"text-align: left;\"><strong>Bankverbindung:<\/strong><\/h3>\n<h4 style=\"text-align: left;\">Raiffeisenbank eG Gundelfingen<\/h4>\n<h4 style=\"text-align: left;\">IBAN:\u00a0\u00a0\u00a0\u00a0 DE61680642220002130009<\/h4>\n<h4 style=\"text-align: left;\"><span data-huuid=\"15421060524315021559\">Spenden Sie jetzt und helfen Sie uns weiter<\/span>, herzlichen Dank.<\/h4>\n<p>Spenden mit Foto\u00fcberweisung (QRCode)<\/p>\n<p><a href=\"https:\/\/xn--vrstetter-miteinander-hec.de\/wp-content\/uploads\/2025\/05\/iban_DE61680642220002130009_zahlen-mit-code.com_.png\"><img loading=\"lazy\" decoding=\"async\" class=\"alignnone size-medium wp-image-3171\" src=\"https:\/\/xn--vrstetter-miteinander-hec.de\/wp-content\/uploads\/2025\/05\/iban_DE61680642220002130009_zahlen-mit-code.com_-300x283.png\" alt=\"\" width=\"300\" height=\"283\" srcset=\"https:\/\/xn--vrstetter-miteinander-hec.de\/wp-content\/uploads\/2025\/05\/iban_DE61680642220002130009_zahlen-mit-code.com_-300x283.png 300w, https:\/\/xn--vrstetter-miteinander-hec.de\/wp-content\/uploads\/2025\/05\/iban_DE61680642220002130009_zahlen-mit-code.com_.png 434w\" sizes=\"auto, (max-width: 300px) 100vw, 300px\" \/><\/a><\/p>\n<p>&nbsp;<\/p>\n","protected":false},"excerpt":{"rendered":"<p>V\u00f6rstetter Miteinander e.V. Ort der Veranstaltungen des V\u00f6rstetter Miteinander e.V. Begegnungsst\u00e4tte der Gemeinde V\u00f6rstetten &#8222;Pflege im Roteux-Quartier&#8220;, Am Roteux-Platz 2a, \u00a0statt. Vorsitzender Holger Lebender B\u00fchlackerstr. 19B 79279 V\u00f6rstetten Tel. 07666- 42 31 E-mail: kontakt@v\u00f6rstetter-miteinander.de stellvertretende Vorsitzende Irmhild Waibel Tel. 07666- &hellip; <a href=\"https:\/\/xn--vrstetter-miteinander-hec.de\/?page_id=238\">Weiterlesen <span class=\"meta-nav\">&rarr;<\/span><\/a><\/p>\n","protected":false},"author":4,"featured_media":0,"parent":0,"menu_order":50,"comment_status":"closed","ping_status":"closed","template":"onecolumn-page.php","meta":{"footnotes":""},"class_list":["post-238","page","type-page","status-publish","hentry"],"_links":{"self":[{"href":"https:\/\/xn--vrstetter-miteinander-hec.de\/index.php?rest_route=\/wp\/v2\/pages\/238","targetHints":{"allow":["GET"]}}],"collection":[{"href":"https:\/\/xn--vrstetter-miteinander-hec.de\/index.php?rest_route=\/wp\/v2\/pages"}],"about":[{"href":"https:\/\/xn--vrstetter-miteinander-hec.de\/index.php?rest_route=\/wp\/v2\/types\/page"}],"author":[{"embeddable":true,"href":"https:\/\/xn--vrstetter-miteinander-hec.de\/index.php?rest_route=\/wp\/v2\/users\/4"}],"replies":[{"embeddable":true,"href":"https:\/\/xn--vrstetter-miteinander-hec.de\/index.php?rest_route=%2Fwp%2Fv2%2Fcomments&post=238"}],"version-history":[{"count":32,"href":"https:\/\/xn--vrstetter-miteinander-hec.de\/index.php?rest_route=\/wp\/v2\/pages\/238\/revisions"}],"predecessor-version":[{"id":3289,"href":"https:\/\/xn--vrstetter-miteinander-hec.de\/index.php?rest_route=\/wp\/v2\/pages\/238\/revisions\/3289"}],"wp:attachment":[{"href":"https:\/\/xn--vrstetter-miteinander-hec.de\/index.php?rest_route=%2Fwp%2Fv2%2Fmedia&parent=238"}],"curies":[{"name":"wp","href":"https:\/\/api.w.org\/{rel}","templated":true}]}}